{"id":474,"date":"2025-02-05T01:14:34","date_gmt":"2025-02-05T00:14:34","guid":{"rendered":"https:\/\/mascancadell.cat\/?page_id=474"},"modified":"2025-02-19T14:19:39","modified_gmt":"2025-02-19T13:19:39","slug":"declaracion-de-accesibilidad","status":"publish","type":"page","link":"https:\/\/mascancadell.cat\/cast\/declaracion-de-accesibilidad\/","title":{"rendered":"Declaraci\u00f3n de Accesibilidad"},"content":{"rendered":"<div data-elementor-type=\"wp-page\" data-elementor-id=\"474\" class=\"elementor elementor-474\" data-elementor-post-type=\"page\">\n\t\t\t\t\t\t<section class=\"elementor-section elementor-top-section elementor-element elementor-element-80b0c87 elementor-section-stretched custom-class elementor-section-boxed elementor-section-height-default elementor-section-height-default\" data-id=\"80b0c87\" data-element_type=\"section\" data-settings=\"{&quot;stretch_section&quot;:&quot;section-stretched&quot;,&quot;background_background&quot;:&quot;classic&quot;}\">\n\t\t\t\t\t\t<div class=\"elementor-container elementor-column-gap-wider\">\n\t\t\t\t\t<div class=\"elementor-column elementor-col-100 elementor-top-column elementor-element elementor-element-95d881b\" data-id=\"95d881b\" data-element_type=\"column\">\n\t\t\t<div class=\"elementor-widget-wrap elementor-element-populated\">\n\t\t\t\t\t\t<section class=\"elementor-section elementor-inner-section elementor-element elementor-element-150ec20 elementor-section-boxed elementor-section-height-default elementor-section-height-default\" data-id=\"150ec20\" data-element_type=\"section\">\n\t\t\t\t\t\t<div class=\"elementor-container elementor-column-gap-default\">\n\t\t\t\t\t<div class=\"elementor-column elementor-col-100 elementor-inner-column elementor-element elementor-element-da9198b\" data-id=\"da9198b\" data-element_type=\"column\">\n\t\t\t<div class=\"elementor-widget-wrap elementor-element-populated\">\n\t\t\t\t\t\t<div class=\"elementor-element elementor-element-533b873 elementor-widget elementor-widget-text-editor\" data-id=\"533b873\" data-element_type=\"widget\" data-widget_type=\"text-editor.default\">\n\t\t\t\t<div class=\"elementor-widget-container\">\n\t\t\t\t\t\t\t\t\t<div class=\"flex-shrink-0 flex flex-col relative items-end\"><div class=\"pt-0\"><div class=\"gizmo-bot-avatar flex h-8 w-8 items-center justify-center overflow-hidden rounded-full\"><div class=\"relative p-1 rounded-sm flex items-center justify-center bg-token-main-surface-primary text-token-text-primary h-8 w-8\"><p><strong>Declaraci\u00f3n de Accesibilidad<\/strong><\/p><\/div><\/div><\/div><\/div>\t\t\t\t\t\t\t\t<\/div>\n\t\t\t\t<\/div>\n\t\t\t\t<div class=\"elementor-element elementor-element-56c799b elementor-widget__width-initial elementor-widget elementor-widget-text-editor\" data-id=\"56c799b\" data-element_type=\"widget\" data-widget_type=\"text-editor.default\">\n\t\t\t\t<div class=\"elementor-widget-container\">\n\t\t\t\t\t\t\t\t\t<p>Online Vall\u00e9s se ha comprometido a hacer accesible su sitio web, conforme al Real Decreto 1112\/2018, de 7 de septiembre, sobre accesibilidad de los sitios web y aplicaciones para dispositivos m\u00f3viles del sector p\u00fablico. Esta declaraci\u00f3n de accesibilidad se aplica a esta web.<\/p><h4><strong>Situaci\u00f3n de cumplimiento<\/strong><\/h4><p>Este sitio web est\u00e1 desarrollado seg\u00fan el RD 1112\/2018<\/p><h4><strong>Preparaci\u00f3n para la siguiente declaraci\u00f3n de accesibilidad<\/strong><\/h4><p>Esta declaraci\u00f3n fue preparada el 20 de abril de 2023. El m\u00e9todo empleado para preparar la declaraci\u00f3n ha sido una autoevaluaci\u00f3n.<\/p><h4><strong>Observaciones y datos de contacto<\/strong><\/h4><p>Puede realizar comunicaciones sobre requisitos de accesibilidad (art\u00edculo 10.2.a del RD 1112\/2018) como:<\/p><ul><li>Informar sobre cualquier posible incumplimiento por parte de este sitio web<\/li><li>Transmitir otras dificultades de acceso al contenido<\/li><li>Formular cualquier otra consulta o sugerencia de mejora relativa a la accesibilidad del sitio web a trav\u00e9s del formulario de contacto de este sitio web oa trav\u00e9s del n\u00famero de tel\u00e9fono<\/li><\/ul><p>Puede presentar:<\/p><ul><li>Queja relativa al cumplimiento de los requisitos del RD 1112\/2018<\/li><li>Solicitud de informaci\u00f3n accesible relativa a:<ul><li>Contenidos que est\u00e1n excluidos del \u00e1mbito de aplicaci\u00f3n del RD 1112\/2018 seg\u00fan lo que establece el art\u00edculo 3, apartado 4<\/li><li>Contenidos que est\u00e1n exentos del cumplimiento de los requisitos de accesibilidad para imponer una carga desproporcionada<\/li><li>En la Solicitud de informaci\u00f3n accesible, deben concretarse, con toda claridad, los hechos, las razones y la petici\u00f3n que permitan constatar que se trata de una solicitud razonable y leg\u00edtima.<\/li><\/ul><\/li><\/ul><p>Las quejas y reclamaciones sobre informaci\u00f3n accesible se realizar\u00e1n a trav\u00e9s de la sede electr\u00f3nica (https:\/\/sede.red.gob.es\/procedimientos\/quejas-y-sugerencias), y ser\u00e1n recibidas y tratadas por el \u00e1rea de Sistemas de la Informaci\u00f3n de Red.es.<\/p><h4><strong>Contenido opcional<\/strong><\/h4><ul><li>Si desea cambiar el tama\u00f1o de letra del texto en los principales navegadores gr\u00e1ficos utilice los siguientes men\u00fas:<\/li><li>Safari: Ver &gt; Hacer el texto m\u00e1s grande<\/li><li>Chrome: Controla la p\u00e1gina actual &gt; Tama\u00f1o del texto<\/li><\/ul><p>Para modificar el tama\u00f1o de todo en la p\u00e1gina:<\/p><ul><li>Ctrl++ para aumentarlo<\/li><li>Ctrl + \u2013 para disminuirlo<\/li><li>Ctrl+0 restaura el tama\u00f1o original del texto<\/li><li>Si lo que desea es anular la hoja de estilos o modificar el color del texto, puede consultar la p\u00e1gina \u00bfC\u00f3mo cambiar el tama\u00f1o del texto o colores?<\/li><\/ul>\t\t\t\t\t\t\t\t<\/div>\n\t\t\t\t<\/div>\n\t\t\t\t\t<\/div>\n\t\t<\/div>\n\t\t\t\t\t<\/div>\n\t\t<\/section>\n\t\t\t\t\t<\/div>\n\t\t<\/div>\n\t\t\t\t\t<\/div>\n\t\t<\/section>\n\t\t\t\t<\/div>","protected":false},"excerpt":{"rendered":"<p>Declaraci\u00f3n de Accesibilidad Online Vall\u00e9s se ha comprometido a hacer accesible su sitio web, conforme al Real Decreto 1112\/2018, de 7 de septiembre, sobre accesibilidad de<span class=\"excerpt-hellip\"> [\u2026]<\/span><\/p>","protected":false},"author":1,"featured_media":0,"parent":0,"menu_order":0,"comment_status":"closed","ping_status":"closed","template":"elementor_header_footer","meta":{"footnotes":""},"class_list":["post-474","page","type-page","status-publish","hentry"],"yoast_head":"<!-- This site is optimized with the Yoast SEO plugin v24.4 - https:\/\/yoast.com\/wordpress\/plugins\/seo\/ -->\n<title>Declaraci\u00f3n de Accesibilidad - Mas Cancadell<\/title>\n<meta name=\"robots\" content=\"noindex, follow, max-snippet:-1, max-image-preview:large, max-video-preview:-1\" \/>\n<meta property=\"og:locale\" content=\"es_ES\" \/>\n<meta property=\"og:type\" content=\"article\" \/>\n<meta property=\"og:title\" content=\"Declaraci\u00f3n de Accesibilidad - Mas Cancadell\" \/>\n<meta property=\"og:description\" content=\"Declaraci\u00f3n de Accesibilidad Online Vall\u00e9s se ha comprometido a hacer accesible su sitio web, conforme al Real Decreto 1112\/2018, de 7 de septiembre, sobre accesibilidad de [\u2026]\" \/>\n<meta property=\"og:url\" content=\"https:\/\/mascancadell.cat\/cast\/declaracion-de-accesibilidad\/\" \/>\n<meta property=\"og:site_name\" content=\"Mas Cancadell\" \/>\n<meta property=\"article:modified_time\" content=\"2025-02-19T13:19:39+00:00\" \/>\n<meta name=\"twitter:card\" content=\"summary_large_image\" \/>\n<meta name=\"twitter:label1\" content=\"Tiempo de lectura\" \/>\n\t<meta name=\"twitter:data1\" content=\"2 minutos\" \/>\n<script type=\"application\/ld+json\" class=\"yoast-schema-graph\">{\"@context\":\"https:\/\/schema.org\",\"@graph\":[{\"@type\":\"WebPage\",\"@id\":\"https:\/\/mascancadell.cat\/declaracion-de-accesibilidad\/\",\"url\":\"https:\/\/mascancadell.cat\/declaracion-de-accesibilidad\/\",\"name\":\"Declaraci\u00f3n de Accesibilidad - Mas Cancadell\",\"isPartOf\":{\"@id\":\"https:\/\/mascancadell.cat\/#website\"},\"datePublished\":\"2025-02-05T00:14:34+00:00\",\"dateModified\":\"2025-02-19T13:19:39+00:00\",\"breadcrumb\":{\"@id\":\"https:\/\/mascancadell.cat\/declaracion-de-accesibilidad\/#breadcrumb\"},\"inLanguage\":\"es\",\"potentialAction\":[{\"@type\":\"ReadAction\",\"target\":[\"https:\/\/mascancadell.cat\/declaracion-de-accesibilidad\/\"]}]},{\"@type\":\"BreadcrumbList\",\"@id\":\"https:\/\/mascancadell.cat\/declaracion-de-accesibilidad\/#breadcrumb\",\"itemListElement\":[{\"@type\":\"ListItem\",\"position\":1,\"name\":\"Portada\",\"item\":\"https:\/\/mascancadell.cat\/\"},{\"@type\":\"ListItem\",\"position\":2,\"name\":\"Declaraci\u00f3n de Accesibilidad\"}]},{\"@type\":\"WebSite\",\"@id\":\"https:\/\/mascancadell.cat\/#website\",\"url\":\"https:\/\/mascancadell.cat\/\",\"name\":\"Mas Cancadell\",\"description\":\"\",\"potentialAction\":[{\"@type\":\"SearchAction\",\"target\":{\"@type\":\"EntryPoint\",\"urlTemplate\":\"https:\/\/mascancadell.cat\/?s={search_term_string}\"},\"query-input\":{\"@type\":\"PropertyValueSpecification\",\"valueRequired\":true,\"valueName\":\"search_term_string\"}}],\"inLanguage\":\"es\"}]}<\/script>\n<!-- \/ Yoast SEO plugin. -->","yoast_head_json":{"title":"Declaraci\u00f3n de Accesibilidad - Mas Cancadell","robots":{"index":"noindex","follow":"follow","max-snippet":"max-snippet:-1","max-image-preview":"max-image-preview:large","max-video-preview":"max-video-preview:-1"},"og_locale":"es_ES","og_type":"article","og_title":"Declaraci\u00f3n de Accesibilidad - Mas Cancadell","og_description":"Declaraci\u00f3n de Accesibilidad Online Vall\u00e9s se ha comprometido a hacer accesible su sitio web, conforme al Real Decreto 1112\/2018, de 7 de septiembre, sobre accesibilidad de [\u2026]","og_url":"https:\/\/mascancadell.cat\/cast\/declaracion-de-accesibilidad\/","og_site_name":"Mas Cancadell","article_modified_time":"2025-02-19T13:19:39+00:00","twitter_card":"summary_large_image","twitter_misc":{"Tiempo de lectura":"2 minutos"},"schema":{"@context":"https:\/\/schema.org","@graph":[{"@type":"WebPage","@id":"https:\/\/mascancadell.cat\/declaracion-de-accesibilidad\/","url":"https:\/\/mascancadell.cat\/declaracion-de-accesibilidad\/","name":"Declaraci\u00f3n de Accesibilidad - Mas Cancadell","isPartOf":{"@id":"https:\/\/mascancadell.cat\/#website"},"datePublished":"2025-02-05T00:14:34+00:00","dateModified":"2025-02-19T13:19:39+00:00","breadcrumb":{"@id":"https:\/\/mascancadell.cat\/declaracion-de-accesibilidad\/#breadcrumb"},"inLanguage":"es","potentialAction":[{"@type":"ReadAction","target":["https:\/\/mascancadell.cat\/declaracion-de-accesibilidad\/"]}]},{"@type":"BreadcrumbList","@id":"https:\/\/mascancadell.cat\/declaracion-de-accesibilidad\/#breadcrumb","itemListElement":[{"@type":"ListItem","position":1,"name":"Portada","item":"https:\/\/mascancadell.cat\/"},{"@type":"ListItem","position":2,"name":"Declaraci\u00f3n de Accesibilidad"}]},{"@type":"WebSite","@id":"https:\/\/mascancadell.cat\/#website","url":"https:\/\/mascancadell.cat\/","name":"Mas Cancadell","description":"","potentialAction":[{"@type":"SearchAction","target":{"@type":"EntryPoint","urlTemplate":"https:\/\/mascancadell.cat\/?s={search_term_string}"},"query-input":{"@type":"PropertyValueSpecification","valueRequired":true,"valueName":"search_term_string"}}],"inLanguage":"es"}]}},"_links":{"self":[{"href":"https:\/\/mascancadell.cat\/cast\/wp-json\/wp\/v2\/pages\/474","targetHints":{"allow":["GET"]}}],"collection":[{"href":"https:\/\/mascancadell.cat\/cast\/wp-json\/wp\/v2\/pages"}],"about":[{"href":"https:\/\/mascancadell.cat\/cast\/wp-json\/wp\/v2\/types\/page"}],"author":[{"embeddable":true,"href":"https:\/\/mascancadell.cat\/cast\/wp-json\/wp\/v2\/users\/1"}],"replies":[{"embeddable":true,"href":"https:\/\/mascancadell.cat\/cast\/wp-json\/wp\/v2\/comments?post=474"}],"version-history":[{"count":7,"href":"https:\/\/mascancadell.cat\/cast\/wp-json\/wp\/v2\/pages\/474\/revisions"}],"predecessor-version":[{"id":837,"href":"https:\/\/mascancadell.cat\/cast\/wp-json\/wp\/v2\/pages\/474\/revisions\/837"}],"wp:attachment":[{"href":"https:\/\/mascancadell.cat\/cast\/wp-json\/wp\/v2\/media?parent=474"}],"curies":[{"name":"wp","href":"https:\/\/api.w.org\/{rel}","templated":true}]}}