{"id":18,"date":"2020-04-27T12:09:40","date_gmt":"2020-04-27T12:09:40","guid":{"rendered":"https:\/\/themes.muffingroup.com\/be\/craftbeer2\/?page_id=18"},"modified":"2025-04-02T12:48:34","modified_gmt":"2025-04-02T10:48:34","slug":"sobre-nosaltres","status":"publish","type":"page","link":"https:\/\/mascancadell.cat\/cast\/sobre-nosaltres\/","title":{"rendered":"Sobre nosotros"},"content":{"rendered":"<div data-elementor-type=\"wp-page\" data-elementor-id=\"18\" class=\"elementor elementor-18\" data-elementor-post-type=\"page\">\n\t\t\t\t<div class=\"elementor-element elementor-element-2fcc06f e-con-full e-flex e-con e-parent\" data-id=\"2fcc06f\" data-element_type=\"container\" data-settings=\"{&quot;background_background&quot;:&quot;classic&quot;}\">\n\t\t<div class=\"elementor-element elementor-element-51cd9ef e-con-full e-flex e-con e-child\" data-id=\"51cd9ef\" data-element_type=\"container\">\n\t\t\t\t<div class=\"elementor-element elementor-element-eb40792 elementor-widget elementor-widget-heading\" data-id=\"eb40792\" data-element_type=\"widget\" data-widget_type=\"heading.default\">\n\t\t\t\t<div class=\"elementor-widget-container\">\n\t\t\t\t\t<h2 class=\"elementor-heading-title elementor-size-default\">Sobre <br> Nosotros<\/h2>\t\t\t\t<\/div>\n\t\t\t\t<\/div>\n\t\t\t\t<\/div>\n\t\t\t\t<\/div>\n\t\t\t\t<section class=\"elementor-section elementor-top-section elementor-element elementor-element-1c9fffe elementor-section-stretched custom-class elementor-section-boxed elementor-section-height-default elementor-section-height-default\" data-id=\"1c9fffe\" data-element_type=\"section\" data-settings=\"{&quot;stretch_section&quot;:&quot;section-stretched&quot;,&quot;background_background&quot;:&quot;classic&quot;}\">\n\t\t\t\t\t\t<div class=\"elementor-container elementor-column-gap-wider\">\n\t\t\t\t\t<div class=\"elementor-column elementor-col-100 elementor-top-column elementor-element elementor-element-0406014\" data-id=\"0406014\" data-element_type=\"column\">\n\t\t\t<div class=\"elementor-widget-wrap elementor-element-populated\">\n\t\t\t\t\t\t<section class=\"elementor-section elementor-inner-section elementor-element elementor-element-086dafe elementor-reverse-mobile elementor-section-boxed elementor-section-height-default elementor-section-height-default\" data-id=\"086dafe\" data-element_type=\"section\">\n\t\t\t\t\t\t<div class=\"elementor-container elementor-column-gap-wider\">\n\t\t\t\t\t<div class=\"elementor-column elementor-col-50 elementor-inner-column elementor-element elementor-element-9596b4c\" data-id=\"9596b4c\" data-element_type=\"column\">\n\t\t\t<div class=\"elementor-widget-wrap elementor-element-populated\">\n\t\t\t\t\t\t<div class=\"elementor-element elementor-element-95d30e1 elementor-widget elementor-widget-image\" data-id=\"95d30e1\" data-element_type=\"widget\" data-widget_type=\"image.default\">\n\t\t\t\t<div class=\"elementor-widget-container\">\n\t\t\t\t\t\t\t\t\t\t\t\t\t\t\t<img fetchpriority=\"high\" decoding=\"async\" width=\"1200\" height=\"675\" src=\"https:\/\/mascancadell.cat\/wp-content\/uploads\/2025\/02\/10-1200x675.jpg\" class=\"attachment-large size-large wp-image-215\" alt=\"\" srcset=\"https:\/\/mascancadell.cat\/wp-content\/uploads\/2025\/02\/10-1200x675.jpg 1200w, https:\/\/mascancadell.cat\/wp-content\/uploads\/2025\/02\/10-500x281.jpg 500w, https:\/\/mascancadell.cat\/wp-content\/uploads\/2025\/02\/10-300x169.jpg 300w, https:\/\/mascancadell.cat\/wp-content\/uploads\/2025\/02\/10-768x432.jpg 768w, https:\/\/mascancadell.cat\/wp-content\/uploads\/2025\/02\/10-1536x864.jpg 1536w, https:\/\/mascancadell.cat\/wp-content\/uploads\/2025\/02\/10-133x75.jpg 133w, https:\/\/mascancadell.cat\/wp-content\/uploads\/2025\/02\/10-480x270.jpg 480w, https:\/\/mascancadell.cat\/wp-content\/uploads\/2025\/02\/10.jpg 1920w\" sizes=\"(max-width:767px) 480px, (max-width:1200px) 100vw, 1200px\" \/>\t\t\t\t\t\t\t\t\t\t\t\t\t\t\t<\/div>\n\t\t\t\t<\/div>\n\t\t\t\t\t<\/div>\n\t\t<\/div>\n\t\t\t\t<div class=\"elementor-column elementor-col-50 elementor-inner-column elementor-element elementor-element-9012ad2\" data-id=\"9012ad2\" data-element_type=\"column\">\n\t\t\t<div class=\"elementor-widget-wrap elementor-element-populated\">\n\t\t\t\t\t\t<div class=\"elementor-element elementor-element-a358054 elementor-widget elementor-widget-text-editor\" data-id=\"a358054\" data-element_type=\"widget\" data-widget_type=\"text-editor.default\">\n\t\t\t\t<div class=\"elementor-widget-container\">\n\t\t\t\t\t\t\t\t\t<p>Agricultura regenerativa en la falda del Montseny<\/p>\t\t\t\t\t\t\t\t<\/div>\n\t\t\t\t<\/div>\n\t\t\t\t<div class=\"elementor-element elementor-element-57c325d elementor-widget elementor-widget-heading\" data-id=\"57c325d\" data-element_type=\"widget\" data-widget_type=\"heading.default\">\n\t\t\t\t<div class=\"elementor-widget-container\">\n\t\t\t\t\t<h2 class=\"elementor-heading-title elementor-size-default\">En Mas Can Cadell, nuestro proyecto nace con la voluntad de crear un modelo agr\u00edcola ecoeficiente y biointensivo en la falda del Montseny. Desde 2021, apostamos por una producci\u00f3n de comida saludable que cuida el suelo, la biodiversidad y el medio ambiente, respetando los ritmos naturales de nuestro ecosistema.<\/h2>\t\t\t\t<\/div>\n\t\t\t\t<\/div>\n\t\t\t\t<div class=\"elementor-element elementor-element-376e3a0 elementor-widget elementor-widget-button\" data-id=\"376e3a0\" data-element_type=\"widget\" data-widget_type=\"button.default\">\n\t\t\t\t<div class=\"elementor-widget-container\">\n\t\t\t\t\t\t\t\t\t<div class=\"elementor-button-wrapper\">\n\t\t\t\t\t<a class=\"elementor-button elementor-button-link elementor-size-sm\" href=\"https:\/\/mascancadell.cat\/cast\/?page_id=36\">\n\t\t\t\t\t\t<span class=\"elementor-button-content-wrapper\">\n\t\t\t\t\t\t\t\t\t<span class=\"elementor-button-text\">LEER M\u00c1S<\/span>\n\t\t\t\t\t<\/span>\n\t\t\t\t\t<\/a>\n\t\t\t\t<\/div>\n\t\t\t\t\t\t\t\t<\/div>\n\t\t\t\t<\/div>\n\t\t\t\t\t<\/div>\n\t\t<\/div>\n\t\t\t\t\t<\/div>\n\t\t<\/section>\n\t\t\t\t\t<\/div>\n\t\t<\/div>\n\t\t\t\t\t<\/div>\n\t\t<\/section>\n\t\t<div class=\"elementor-element elementor-element-c860f73 e-con-full e-flex e-con e-parent\" data-id=\"c860f73\" data-element_type=\"container\" data-settings=\"{&quot;background_background&quot;:&quot;classic&quot;}\">\n\t\t<div class=\"elementor-element elementor-element-c6cc39c e-con-full e-flex e-con e-child\" data-id=\"c6cc39c\" data-element_type=\"container\" data-settings=\"{&quot;background_background&quot;:&quot;classic&quot;}\">\n\t\t<div class=\"elementor-element elementor-element-c702199 e-con-full e-flex e-con e-child\" data-id=\"c702199\" data-element_type=\"container\">\n\t\t\t\t<div class=\"elementor-element elementor-element-deb21bb elementor-widget elementor-widget-image\" data-id=\"deb21bb\" data-element_type=\"widget\" data-widget_type=\"image.default\">\n\t\t\t\t<div class=\"elementor-widget-container\">\n\t\t\t\t\t\t\t\t\t\t\t\t\t\t\t<img decoding=\"async\" width=\"512\" height=\"512\" src=\"https:\/\/mascancadell.cat\/wp-content\/uploads\/2025\/04\/3.jpg\" class=\"attachment-large size-large wp-image-1851\" alt=\"\" srcset=\"https:\/\/mascancadell.cat\/wp-content\/uploads\/2025\/04\/3.jpg 512w, https:\/\/mascancadell.cat\/wp-content\/uploads\/2025\/04\/3-500x500.jpg 500w, https:\/\/mascancadell.cat\/wp-content\/uploads\/2025\/04\/3-300x300.jpg 300w, https:\/\/mascancadell.cat\/wp-content\/uploads\/2025\/04\/3-12x12.jpg 12w, https:\/\/mascancadell.cat\/wp-content\/uploads\/2025\/04\/3-150x150.jpg 150w, https:\/\/mascancadell.cat\/wp-content\/uploads\/2025\/04\/3-75x75.jpg 75w, https:\/\/mascancadell.cat\/wp-content\/uploads\/2025\/04\/3-480x480.jpg 480w\" sizes=\"(max-width:767px) 480px, 512px\" \/>\t\t\t\t\t\t\t\t\t\t\t\t\t\t\t<\/div>\n\t\t\t\t<\/div>\n\t\t\t\t<div class=\"elementor-element elementor-element-1a70960 elementor-widget elementor-widget-heading\" data-id=\"1a70960\" data-element_type=\"widget\" data-widget_type=\"heading.default\">\n\t\t\t\t<div class=\"elementor-widget-container\">\n\t\t\t\t\t<h2 class=\"elementor-heading-title elementor-size-default\">Maximizar la densidad de los cultivos y aprovechamiento del espacio. \n<\/h2>\t\t\t\t<\/div>\n\t\t\t\t<\/div>\n\t\t\t\t<\/div>\n\t\t<div class=\"elementor-element elementor-element-65bca94 e-con-full e-flex e-con e-child\" data-id=\"65bca94\" data-element_type=\"container\">\n\t\t\t\t<div class=\"elementor-element elementor-element-d843654 elementor-widget elementor-widget-image\" data-id=\"d843654\" data-element_type=\"widget\" data-widget_type=\"image.default\">\n\t\t\t\t<div class=\"elementor-widget-container\">\n\t\t\t\t\t\t\t\t\t\t\t\t\t\t\t<img decoding=\"async\" width=\"512\" height=\"512\" src=\"https:\/\/mascancadell.cat\/wp-content\/uploads\/2025\/04\/2-1.jpg\" class=\"attachment-large size-large wp-image-1852\" alt=\"\" srcset=\"https:\/\/mascancadell.cat\/wp-content\/uploads\/2025\/04\/2-1.jpg 512w, https:\/\/mascancadell.cat\/wp-content\/uploads\/2025\/04\/2-1-500x500.jpg 500w, https:\/\/mascancadell.cat\/wp-content\/uploads\/2025\/04\/2-1-300x300.jpg 300w, https:\/\/mascancadell.cat\/wp-content\/uploads\/2025\/04\/2-1-12x12.jpg 12w, https:\/\/mascancadell.cat\/wp-content\/uploads\/2025\/04\/2-1-150x150.jpg 150w, https:\/\/mascancadell.cat\/wp-content\/uploads\/2025\/04\/2-1-75x75.jpg 75w, https:\/\/mascancadell.cat\/wp-content\/uploads\/2025\/04\/2-1-480x480.jpg 480w\" sizes=\"(max-width:767px) 480px, 512px\" \/>\t\t\t\t\t\t\t\t\t\t\t\t\t\t\t<\/div>\n\t\t\t\t<\/div>\n\t\t\t\t<div class=\"elementor-element elementor-element-b8dd2c0 elementor-widget elementor-widget-heading\" data-id=\"b8dd2c0\" data-element_type=\"widget\" data-widget_type=\"heading.default\">\n\t\t\t\t<div class=\"elementor-widget-container\">\n\t\t\t\t\t<h2 class=\"elementor-heading-title elementor-size-default\">Maximizar la densidad de los cultivos y aprovechamiento del espacio. \n<\/h2>\t\t\t\t<\/div>\n\t\t\t\t<\/div>\n\t\t\t\t<\/div>\n\t\t<div class=\"elementor-element elementor-element-25a68e8 e-con-full e-flex e-con e-child\" data-id=\"25a68e8\" data-element_type=\"container\">\n\t\t\t\t<div class=\"elementor-element elementor-element-4ac3b9a elementor-widget elementor-widget-image\" data-id=\"4ac3b9a\" data-element_type=\"widget\" data-widget_type=\"image.default\">\n\t\t\t\t<div class=\"elementor-widget-container\">\n\t\t\t\t\t\t\t\t\t\t\t\t\t\t\t<img loading=\"lazy\" decoding=\"async\" width=\"512\" height=\"512\" src=\"https:\/\/mascancadell.cat\/wp-content\/uploads\/2025\/04\/1-1.jpg\" class=\"attachment-large size-large wp-image-1853\" alt=\"\" srcset=\"https:\/\/mascancadell.cat\/wp-content\/uploads\/2025\/04\/1-1.jpg 512w, https:\/\/mascancadell.cat\/wp-content\/uploads\/2025\/04\/1-1-500x500.jpg 500w, https:\/\/mascancadell.cat\/wp-content\/uploads\/2025\/04\/1-1-300x300.jpg 300w, https:\/\/mascancadell.cat\/wp-content\/uploads\/2025\/04\/1-1-12x12.jpg 12w, https:\/\/mascancadell.cat\/wp-content\/uploads\/2025\/04\/1-1-150x150.jpg 150w, https:\/\/mascancadell.cat\/wp-content\/uploads\/2025\/04\/1-1-75x75.jpg 75w, https:\/\/mascancadell.cat\/wp-content\/uploads\/2025\/04\/1-1-480x480.jpg 480w\" sizes=\"(max-width:767px) 480px, 512px\" \/>\t\t\t\t\t\t\t\t\t\t\t\t\t\t\t<\/div>\n\t\t\t\t<\/div>\n\t\t\t\t<div class=\"elementor-element elementor-element-0bcaf4c elementor-widget elementor-widget-heading\" data-id=\"0bcaf4c\" data-element_type=\"widget\" data-widget_type=\"heading.default\">\n\t\t\t\t<div class=\"elementor-widget-container\">\n\t\t\t\t\t<h2 class=\"elementor-heading-title elementor-size-default\">Maximizar la densidad de los cultivos y aprovechamiento del espacio. \n<\/h2>\t\t\t\t<\/div>\n\t\t\t\t<\/div>\n\t\t\t\t<\/div>\n\t\t\t\t<\/div>\n\t\t\t\t<\/div>\n\t\t\t\t<section class=\"elementor-section elementor-top-section elementor-element elementor-element-339db86 elementor-section-stretched custom-class elementor-section-boxed elementor-section-height-default elementor-section-height-default\" data-id=\"339db86\" data-element_type=\"section\" data-settings=\"{&quot;stretch_section&quot;:&quot;section-stretched&quot;,&quot;background_background&quot;:&quot;classic&quot;}\">\n\t\t\t\t\t\t<div class=\"elementor-container elementor-column-gap-wider\">\n\t\t\t\t\t<div class=\"elementor-column elementor-col-100 elementor-top-column elementor-element elementor-element-cb02cb3\" data-id=\"cb02cb3\" data-element_type=\"column\">\n\t\t\t<div class=\"elementor-widget-wrap elementor-element-populated\">\n\t\t\t\t\t\t<section class=\"elementor-section elementor-inner-section elementor-element elementor-element-fb556e0 elementor-section-boxed elementor-section-height-default elementor-section-height-default\" data-id=\"fb556e0\" data-element_type=\"section\">\n\t\t\t\t\t\t<div class=\"elementor-container elementor-column-gap-default\">\n\t\t\t\t\t<div class=\"elementor-column elementor-col-100 elementor-inner-column elementor-element elementor-element-0c2de92\" data-id=\"0c2de92\" data-element_type=\"column\">\n\t\t\t<div class=\"elementor-widget-wrap elementor-element-populated\">\n\t\t\t\t\t\t<div class=\"elementor-element elementor-element-31f4ec1 elementor-align-center elementor-mobile-align-left elementor-widget elementor-widget-button\" data-id=\"31f4ec1\" data-element_type=\"widget\" data-widget_type=\"button.default\">\n\t\t\t\t<div class=\"elementor-widget-container\">\n\t\t\t\t\t\t\t\t\t<div class=\"elementor-button-wrapper\">\n\t\t\t\t\t<a class=\"elementor-button elementor-button-link elementor-size-sm\" href=\"https:\/\/mascancadell.cat\/cast\/?page_id=42\">\n\t\t\t\t\t\t<span class=\"elementor-button-content-wrapper\">\n\t\t\t\t\t\t\t\t\t<span class=\"elementor-button-text\">CONT\u00c1CTANOS<\/span>\n\t\t\t\t\t<\/span>\n\t\t\t\t\t<\/a>\n\t\t\t\t<\/div>\n\t\t\t\t\t\t\t\t<\/div>\n\t\t\t\t<\/div>\n\t\t\t\t\t<\/div>\n\t\t<\/div>\n\t\t\t\t\t<\/div>\n\t\t<\/section>\n\t\t\t\t\t<\/div>\n\t\t<\/div>\n\t\t\t\t\t<\/div>\n\t\t<\/section>\n\t\t\t\t<section class=\"elementor-section elementor-top-section elementor-element elementor-element-d28df3c elementor-section-stretched custom-class elementor-section-boxed elementor-section-height-default elementor-section-height-default\" data-id=\"d28df3c\" data-element_type=\"section\" data-settings=\"{&quot;stretch_section&quot;:&quot;section-stretched&quot;,&quot;background_background&quot;:&quot;classic&quot;}\">\n\t\t\t\t\t\t<div class=\"elementor-container elementor-column-gap-wider\">\n\t\t\t\t\t<div class=\"elementor-column elementor-col-100 elementor-top-column elementor-element elementor-element-1083bee\" data-id=\"1083bee\" data-element_type=\"column\">\n\t\t\t<div class=\"elementor-widget-wrap elementor-element-populated\">\n\t\t\t\t\t\t<section class=\"elementor-section elementor-inner-section elementor-element elementor-element-5bdfe13 elementor-section-boxed elementor-section-height-default elementor-section-height-default\" data-id=\"5bdfe13\" data-element_type=\"section\">\n\t\t\t\t\t\t<div class=\"elementor-container elementor-column-gap-default\">\n\t\t\t\t\t<div class=\"elementor-column elementor-col-50 elementor-inner-column elementor-element elementor-element-a508e87\" data-id=\"a508e87\" data-element_type=\"column\">\n\t\t\t<div class=\"elementor-widget-wrap elementor-element-populated\">\n\t\t\t\t\t\t<div class=\"elementor-element elementor-element-9548963 elementor-widget elementor-widget-text-editor\" data-id=\"9548963\" data-element_type=\"widget\" data-widget_type=\"text-editor.default\">\n\t\t\t\t<div class=\"elementor-widget-container\">\n\t\t\t\t\t\t\t\t\t<p>Un equipo apasionado por la sostenibilidad<\/p>\t\t\t\t\t\t\t\t<\/div>\n\t\t\t\t<\/div>\n\t\t\t\t<div class=\"elementor-element elementor-element-da56c73 elementor-widget elementor-widget-heading\" data-id=\"da56c73\" data-element_type=\"widget\" data-widget_type=\"heading.default\">\n\t\t\t\t<div class=\"elementor-widget-container\">\n\t\t\t\t\t<h2 class=\"elementor-heading-title elementor-size-default\">Somos un grupo multidisciplinar con formaciones diversas que se complementan perfectamente: Jordi, con m\u00e1s de 10 a\u00f1os de experiencia en producci\u00f3n agroecol\u00f3gica, Ferran, con un largo recorrido en la empresa privada, y Pedro, bi\u00f3logo especializado en agricultura ecol\u00f3gica. Trabajamos conjuntamente para ofrecer un modelo agr\u00edcola innovador y sostenible.<\/h2>\t\t\t\t<\/div>\n\t\t\t\t<\/div>\n\t\t\t\t<div class=\"elementor-element elementor-element-815d6d6 elementor-widget elementor-widget-button\" data-id=\"815d6d6\" data-element_type=\"widget\" data-widget_type=\"button.default\">\n\t\t\t\t<div class=\"elementor-widget-container\">\n\t\t\t\t\t\t\t\t\t<div class=\"elementor-button-wrapper\">\n\t\t\t\t\t<a class=\"elementor-button elementor-button-link elementor-size-sm\" href=\"https:\/\/mascancadell.cat\/cast\/?page_id=36\">\n\t\t\t\t\t\t<span class=\"elementor-button-content-wrapper\">\n\t\t\t\t\t\t\t\t\t<span class=\"elementor-button-text\">LEER M\u00c1S<\/span>\n\t\t\t\t\t<\/span>\n\t\t\t\t\t<\/a>\n\t\t\t\t<\/div>\n\t\t\t\t\t\t\t\t<\/div>\n\t\t\t\t<\/div>\n\t\t\t\t\t<\/div>\n\t\t<\/div>\n\t\t\t\t<div class=\"elementor-column elementor-col-50 elementor-inner-column elementor-element elementor-element-ad2289c\" data-id=\"ad2289c\" data-element_type=\"column\">\n\t\t\t<div class=\"elementor-widget-wrap elementor-element-populated\">\n\t\t\t\t\t\t<div class=\"elementor-element elementor-element-ae1e017 elementor-widget elementor-widget-image\" data-id=\"ae1e017\" data-element_type=\"widget\" data-widget_type=\"image.default\">\n\t\t\t\t<div class=\"elementor-widget-container\">\n\t\t\t\t\t\t\t\t\t\t\t\t\t\t\t<img loading=\"lazy\" decoding=\"async\" width=\"1200\" height=\"675\" src=\"https:\/\/mascancadell.cat\/wp-content\/uploads\/2025\/02\/21-1200x675.jpg\" class=\"attachment-large size-large wp-image-220\" alt=\"\" srcset=\"https:\/\/mascancadell.cat\/wp-content\/uploads\/2025\/02\/21-1200x675.jpg 1200w, https:\/\/mascancadell.cat\/wp-content\/uploads\/2025\/02\/21-500x281.jpg 500w, https:\/\/mascancadell.cat\/wp-content\/uploads\/2025\/02\/21-300x169.jpg 300w, https:\/\/mascancadell.cat\/wp-content\/uploads\/2025\/02\/21-768x432.jpg 768w, https:\/\/mascancadell.cat\/wp-content\/uploads\/2025\/02\/21-1536x864.jpg 1536w, https:\/\/mascancadell.cat\/wp-content\/uploads\/2025\/02\/21-133x75.jpg 133w, https:\/\/mascancadell.cat\/wp-content\/uploads\/2025\/02\/21-480x270.jpg 480w, https:\/\/mascancadell.cat\/wp-content\/uploads\/2025\/02\/21.jpg 1920w\" sizes=\"(max-width:767px) 480px, (max-width:1200px) 100vw, 1200px\" \/>\t\t\t\t\t\t\t\t\t\t\t\t\t\t\t<\/div>\n\t\t\t\t<\/div>\n\t\t\t\t\t<\/div>\n\t\t<\/div>\n\t\t\t\t\t<\/div>\n\t\t<\/section>\n\t\t\t\t\t<\/div>\n\t\t<\/div>\n\t\t\t\t\t<\/div>\n\t\t<\/section>\n\t\t\t\t<\/div>","protected":false},"excerpt":{"rendered":"<p>Sobre Nosotros Agricultura regenerativa en la falda del Montseny En Mas Can Cadell, nuestro proyecto nace con la voluntad de crear un modelo agr\u00edcola ecoeficiente<span class=\"excerpt-hellip\"> [\u2026]<\/span><\/p>","protected":false},"author":1,"featured_media":0,"parent":0,"menu_order":0,"comment_status":"open","ping_status":"closed","template":"elementor_header_footer","meta":{"footnotes":""},"class_list":["post-18","page","type-page","status-publish","hentry"],"yoast_head":"<!-- This site is optimized with the Yoast SEO plugin v24.4 - https:\/\/yoast.com\/wordpress\/plugins\/seo\/ -->\n<title>Sobre nosotres - Mas Cancadell<\/title>\n<meta name=\"robots\" content=\"noindex, follow, max-snippet:-1, max-image-preview:large, max-video-preview:-1\" \/>\n<meta property=\"og:locale\" content=\"es_ES\" \/>\n<meta property=\"og:type\" content=\"article\" \/>\n<meta property=\"og:title\" content=\"Sobre nosotres - Mas Cancadell\" \/>\n<meta property=\"og:description\" content=\"Sobre Nosaltres Agricultura regenerativa a la falda del Montseny A Mas Can Cadell, el nostre projecte neix amb la voluntat de crear un model agr\u00edcola ecoeficient [\u2026]\" \/>\n<meta property=\"og:url\" content=\"https:\/\/mascancadell.cat\/cast\/sobre-nosaltres\/\" \/>\n<meta property=\"og:site_name\" content=\"Mas Cancadell\" \/>\n<meta property=\"article:modified_time\" content=\"2025-04-02T10:48:34+00:00\" \/>\n<meta property=\"og:image\" content=\"https:\/\/mascancadell.cat\/wp-content\/uploads\/2025\/02\/10.jpg\" \/>\n\t<meta property=\"og:image:width\" content=\"1920\" \/>\n\t<meta property=\"og:image:height\" content=\"1080\" \/>\n\t<meta property=\"og:image:type\" content=\"image\/jpeg\" \/>\n<meta name=\"twitter:card\" content=\"summary_large_image\" \/>\n<meta name=\"twitter:label1\" content=\"Tiempo de lectura\" \/>\n\t<meta name=\"twitter:data1\" content=\"2 minutos\" \/>\n<script type=\"application\/ld+json\" class=\"yoast-schema-graph\">{\"@context\":\"https:\/\/schema.org\",\"@graph\":[{\"@type\":\"WebPage\",\"@id\":\"https:\/\/mascancadell.cat\/sobre-nosaltres\/\",\"url\":\"https:\/\/mascancadell.cat\/sobre-nosaltres\/\",\"name\":\"Sobre nosotres - Mas Cancadell\",\"isPartOf\":{\"@id\":\"https:\/\/mascancadell.cat\/#website\"},\"primaryImageOfPage\":{\"@id\":\"https:\/\/mascancadell.cat\/sobre-nosaltres\/#primaryimage\"},\"image\":{\"@id\":\"https:\/\/mascancadell.cat\/sobre-nosaltres\/#primaryimage\"},\"thumbnailUrl\":\"https:\/\/mascancadell.cat\/wp-content\/uploads\/2025\/02\/10-1200x675.jpg\",\"datePublished\":\"2020-04-27T12:09:40+00:00\",\"dateModified\":\"2025-04-02T10:48:34+00:00\",\"breadcrumb\":{\"@id\":\"https:\/\/mascancadell.cat\/sobre-nosaltres\/#breadcrumb\"},\"inLanguage\":\"es\",\"potentialAction\":[{\"@type\":\"ReadAction\",\"target\":[\"https:\/\/mascancadell.cat\/sobre-nosaltres\/\"]}]},{\"@type\":\"ImageObject\",\"inLanguage\":\"es\",\"@id\":\"https:\/\/mascancadell.cat\/sobre-nosaltres\/#primaryimage\",\"url\":\"https:\/\/mascancadell.cat\/wp-content\/uploads\/2025\/02\/10-1200x675.jpg\",\"contentUrl\":\"https:\/\/mascancadell.cat\/wp-content\/uploads\/2025\/02\/10-1200x675.jpg\"},{\"@type\":\"BreadcrumbList\",\"@id\":\"https:\/\/mascancadell.cat\/sobre-nosaltres\/#breadcrumb\",\"itemListElement\":[{\"@type\":\"ListItem\",\"position\":1,\"name\":\"Portada\",\"item\":\"https:\/\/mascancadell.cat\/\"},{\"@type\":\"ListItem\",\"position\":2,\"name\":\"Sobre nosaltres\"}]},{\"@type\":\"WebSite\",\"@id\":\"https:\/\/mascancadell.cat\/#website\",\"url\":\"https:\/\/mascancadell.cat\/\",\"name\":\"Mas Cancadell\",\"description\":\"\",\"potentialAction\":[{\"@type\":\"SearchAction\",\"target\":{\"@type\":\"EntryPoint\",\"urlTemplate\":\"https:\/\/mascancadell.cat\/?s={search_term_string}\"},\"query-input\":{\"@type\":\"PropertyValueSpecification\",\"valueRequired\":true,\"valueName\":\"search_term_string\"}}],\"inLanguage\":\"es\"}]}<\/script>\n<!-- \/ Yoast SEO plugin. -->","yoast_head_json":{"title":"Sobre nosotres - Mas Cancadell","robots":{"index":"noindex","follow":"follow","max-snippet":"max-snippet:-1","max-image-preview":"max-image-preview:large","max-video-preview":"max-video-preview:-1"},"og_locale":"es_ES","og_type":"article","og_title":"Sobre nosotres - Mas Cancadell","og_description":"Sobre Nosaltres Agricultura regenerativa a la falda del Montseny A Mas Can Cadell, el nostre projecte neix amb la voluntat de crear un model agr\u00edcola ecoeficient [\u2026]","og_url":"https:\/\/mascancadell.cat\/cast\/sobre-nosaltres\/","og_site_name":"Mas Cancadell","article_modified_time":"2025-04-02T10:48:34+00:00","og_image":[{"width":1920,"height":1080,"url":"https:\/\/mascancadell.cat\/wp-content\/uploads\/2025\/02\/10.jpg","type":"image\/jpeg"}],"twitter_card":"summary_large_image","twitter_misc":{"Tiempo de lectura":"2 minutos"},"schema":{"@context":"https:\/\/schema.org","@graph":[{"@type":"WebPage","@id":"https:\/\/mascancadell.cat\/sobre-nosaltres\/","url":"https:\/\/mascancadell.cat\/sobre-nosaltres\/","name":"Sobre nosotres - Mas Cancadell","isPartOf":{"@id":"https:\/\/mascancadell.cat\/#website"},"primaryImageOfPage":{"@id":"https:\/\/mascancadell.cat\/sobre-nosaltres\/#primaryimage"},"image":{"@id":"https:\/\/mascancadell.cat\/sobre-nosaltres\/#primaryimage"},"thumbnailUrl":"https:\/\/mascancadell.cat\/wp-content\/uploads\/2025\/02\/10-1200x675.jpg","datePublished":"2020-04-27T12:09:40+00:00","dateModified":"2025-04-02T10:48:34+00:00","breadcrumb":{"@id":"https:\/\/mascancadell.cat\/sobre-nosaltres\/#breadcrumb"},"inLanguage":"es","potentialAction":[{"@type":"ReadAction","target":["https:\/\/mascancadell.cat\/sobre-nosaltres\/"]}]},{"@type":"ImageObject","inLanguage":"es","@id":"https:\/\/mascancadell.cat\/sobre-nosaltres\/#primaryimage","url":"https:\/\/mascancadell.cat\/wp-content\/uploads\/2025\/02\/10-1200x675.jpg","contentUrl":"https:\/\/mascancadell.cat\/wp-content\/uploads\/2025\/02\/10-1200x675.jpg"},{"@type":"BreadcrumbList","@id":"https:\/\/mascancadell.cat\/sobre-nosaltres\/#breadcrumb","itemListElement":[{"@type":"ListItem","position":1,"name":"Portada","item":"https:\/\/mascancadell.cat\/"},{"@type":"ListItem","position":2,"name":"Sobre nosaltres"}]},{"@type":"WebSite","@id":"https:\/\/mascancadell.cat\/#website","url":"https:\/\/mascancadell.cat\/","name":"Mas Cancadell","description":"","potentialAction":[{"@type":"SearchAction","target":{"@type":"EntryPoint","urlTemplate":"https:\/\/mascancadell.cat\/?s={search_term_string}"},"query-input":{"@type":"PropertyValueSpecification","valueRequired":true,"valueName":"search_term_string"}}],"inLanguage":"es"}]}},"_links":{"self":[{"href":"https:\/\/mascancadell.cat\/cast\/wp-json\/wp\/v2\/pages\/18","targetHints":{"allow":["GET"]}}],"collection":[{"href":"https:\/\/mascancadell.cat\/cast\/wp-json\/wp\/v2\/pages"}],"about":[{"href":"https:\/\/mascancadell.cat\/cast\/wp-json\/wp\/v2\/types\/page"}],"author":[{"embeddable":true,"href":"https:\/\/mascancadell.cat\/cast\/wp-json\/wp\/v2\/users\/1"}],"replies":[{"embeddable":true,"href":"https:\/\/mascancadell.cat\/cast\/wp-json\/wp\/v2\/comments?post=18"}],"version-history":[{"count":182,"href":"https:\/\/mascancadell.cat\/cast\/wp-json\/wp\/v2\/pages\/18\/revisions"}],"predecessor-version":[{"id":1856,"href":"https:\/\/mascancadell.cat\/cast\/wp-json\/wp\/v2\/pages\/18\/revisions\/1856"}],"wp:attachment":[{"href":"https:\/\/mascancadell.cat\/cast\/wp-json\/wp\/v2\/media?parent=18"}],"curies":[{"name":"wp","href":"https:\/\/api.w.org\/{rel}","templated":true}]}}