{"id":1526,"date":"2025-03-27T10:27:17","date_gmt":"2025-03-27T09:27:17","guid":{"rendered":"https:\/\/mascancadell.cat\/?page_id=1526"},"modified":"2025-03-27T12:31:59","modified_gmt":"2025-03-27T11:31:59","slug":"politica-de-privacitat","status":"publish","type":"page","link":"https:\/\/mascancadell.cat\/cast\/politica-de-privacitat\/","title":{"rendered":"Pol\u00edtica de privacidad"},"content":{"rendered":"<div data-elementor-type=\"wp-page\" data-elementor-id=\"1526\" class=\"elementor elementor-1526\" data-elementor-post-type=\"page\">\n\t\t\t\t<div class=\"elementor-element elementor-element-749dfb3 e-con-full elementor-hidden-desktop elementor-hidden-tablet elementor-hidden-mobile e-flex e-con e-parent\" data-id=\"749dfb3\" data-element_type=\"container\" data-settings=\"{&quot;background_background&quot;:&quot;classic&quot;}\">\n\t\t<div class=\"elementor-element elementor-element-b3a9689 e-con-full e-flex e-con e-child\" data-id=\"b3a9689\" data-element_type=\"container\">\n\t\t\t\t<div class=\"elementor-element elementor-element-59d42a2 elementor-widget elementor-widget-heading\" data-id=\"59d42a2\" data-element_type=\"widget\" data-widget_type=\"heading.default\">\n\t\t\t\t<div class=\"elementor-widget-container\">\n\t\t\t\t\t<h2 class=\"elementor-heading-title elementor-size-default\">Cesta de verduras frescas, <br> ecol\u00f3gicas y de proximidad a domicilio<\/h2>\t\t\t\t<\/div>\n\t\t\t\t<\/div>\n\t\t<div class=\"elementor-element elementor-element-145f50d e-con-full e-flex e-con e-child\" data-id=\"145f50d\" data-element_type=\"container\">\n\t\t\t\t<div class=\"elementor-element elementor-element-ff57193 elementor-widget elementor-widget-button\" data-id=\"ff57193\" data-element_type=\"widget\" data-widget_type=\"button.default\">\n\t\t\t\t<div class=\"elementor-widget-container\">\n\t\t\t\t\t\t\t\t\t<div class=\"elementor-button-wrapper\">\n\t\t\t\t\t<a class=\"elementor-button elementor-button-link elementor-size-sm\" href=\"https:\/\/mascancadell.cat\/cast\/?page_id=18\">\n\t\t\t\t\t\t<span class=\"elementor-button-content-wrapper\">\n\t\t\t\t\t\t\t\t\t<span class=\"elementor-button-text\">QUIENES SOMOS<\/span>\n\t\t\t\t\t<\/span>\n\t\t\t\t\t<\/a>\n\t\t\t\t<\/div>\n\t\t\t\t\t\t\t\t<\/div>\n\t\t\t\t<\/div>\n\t\t\t\t<div class=\"elementor-element elementor-element-e8b29bf elementor-widget elementor-widget-button\" data-id=\"e8b29bf\" data-element_type=\"widget\" data-widget_type=\"button.default\">\n\t\t\t\t<div class=\"elementor-widget-container\">\n\t\t\t\t\t\t\t\t\t<div class=\"elementor-button-wrapper\">\n\t\t\t\t\t<a class=\"elementor-button elementor-button-link elementor-size-sm\" href=\"https:\/\/mascancadell.cat\/cast\/?page_id=42\">\n\t\t\t\t\t\t<span class=\"elementor-button-content-wrapper\">\n\t\t\t\t\t\t\t\t\t<span class=\"elementor-button-text\">CONTACTO<\/span>\n\t\t\t\t\t<\/span>\n\t\t\t\t\t<\/a>\n\t\t\t\t<\/div>\n\t\t\t\t\t\t\t\t<\/div>\n\t\t\t\t<\/div>\n\t\t\t\t<\/div>\n\t\t\t\t<\/div>\n\t\t\t\t<\/div>\n\t\t\t\t<section class=\"elementor-section elementor-top-section elementor-element elementor-element-399acbc elementor-section-stretched custom-class elementor-section-boxed elementor-section-height-default elementor-section-height-default\" data-id=\"399acbc\" data-element_type=\"section\" data-settings=\"{&quot;stretch_section&quot;:&quot;section-stretched&quot;,&quot;background_background&quot;:&quot;classic&quot;}\">\n\t\t\t\t\t\t<div class=\"elementor-container elementor-column-gap-wider\">\n\t\t\t\t\t<div class=\"elementor-column elementor-col-100 elementor-top-column elementor-element elementor-element-a6ef38b\" data-id=\"a6ef38b\" data-element_type=\"column\">\n\t\t\t<div class=\"elementor-widget-wrap elementor-element-populated\">\n\t\t\t\t\t\t<section class=\"elementor-section elementor-inner-section elementor-element elementor-element-699acbe elementor-section-boxed elementor-section-height-default elementor-section-height-default\" data-id=\"699acbe\" data-element_type=\"section\">\n\t\t\t\t\t\t<div class=\"elementor-container elementor-column-gap-default\">\n\t\t\t\t\t<div class=\"elementor-column elementor-col-100 elementor-inner-column elementor-element elementor-element-2dd675c\" data-id=\"2dd675c\" data-element_type=\"column\">\n\t\t\t<div class=\"elementor-widget-wrap elementor-element-populated\">\n\t\t\t\t\t\t<div class=\"elementor-element elementor-element-b666c5e elementor-widget elementor-widget-text-editor\" data-id=\"b666c5e\" data-element_type=\"widget\" data-widget_type=\"text-editor.default\">\n\t\t\t\t<div class=\"elementor-widget-container\">\n\t\t\t\t\t\t\t\t\t<div class=\"flex-shrink-0 flex flex-col relative items-end\"><div class=\"pt-0\"><div class=\"gizmo-bot-avatar flex h-8 w-8 items-center justify-center overflow-hidden rounded-full\"><div class=\"relative p-1 rounded-sm flex items-center justify-center bg-token-main-surface-primary text-token-text-primary h-8 w-8\"><p><strong>Pol\u00edtica de Privacidad<\/strong><\/p><\/div><\/div><\/div><\/div>\t\t\t\t\t\t\t\t<\/div>\n\t\t\t\t<\/div>\n\t\t\t\t<div class=\"elementor-element elementor-element-de7da88 elementor-widget__width-initial elementor-widget elementor-widget-text-editor\" data-id=\"de7da88\" data-element_type=\"widget\" data-widget_type=\"text-editor.default\">\n\t\t\t\t<div class=\"elementor-widget-container\">\n\t\t\t\t\t\t\t\t\t<h4><strong>1.- INFORMACI\u00d3N AL USUARIO<\/strong><\/h4>\nEl sitio web informa a los usuarios sobre su pol\u00edtica respecto al tratamiento y protecci\u00f3n de los datos de car\u00e1cter personal de los usuarios y clientes que pueden ser solicitados durante la navegaci\u00f3n por el sitio web. El sitio web es el Responsable del tratamiento de los datos personales del usuario, por lo que se facilita la siguiente informaci\u00f3n referente al tratamiento de sus datos:\n\n<strong>Criterios de conservaci\u00f3n de los datos:<\/strong> Los datos personales proporcionados se conservar\u00e1n hasta que el interesado solicite su suspensi\u00f3n, ejerciendo sus derechos sobre las mismas, y en cualquier caso en cumplimiento de los plazos legales de prescripci\u00f3n aplicables.\n\n<strong>Derechos de los interesados:<\/strong>\n\n\u2013 Derecho a retirar su consentimiento en cualquier momento. \u2013 Derecho de acceso, rectificaci\u00f3n, supresi\u00f3n, portabilidad de sus datos, as\u00ed como la limitaci\u00f3n u oposici\u00f3n a su tratamiento, ya no ser objeto de decisiones individuales automatizadas.\n\n<strong>Datos de contacto para ejercer sus derechos:<\/strong>\n\nEs necesario identificarse debidamente y solicitar claramente el derecho que se quiere ejercer.\n<ul>\n \t<li><strong>Nombre de la empresa<\/strong>: NATALIA CASTILLO<\/li>\n \t<li><strong>NIF (N\u00ba de Identificaci\u00f3n Fiscal)<\/strong>: Z0351617K<\/li>\n \t<li><strong>Persona responsable<\/strong>: Natalia<\/li>\n \t<li><strong>Direcci\u00f3n<\/strong>: C\/ Candeles 1, piso 3, 08003 Barcelona, Espa\u00f1a<\/li>\n \t<li><strong>Tel\u00e9fono<\/strong>: <a style=\"color: yellow;\" href=\"tel:654468283\">654468283<\/a><\/li>\n \t<li><strong>Correo electr\u00f3nico<\/strong>: <a style=\"color: yellow;\" href=\"mailto:natalia.castelli.traducciones@gmail.com\" rel=\"noopener\">natalia.castelli.traducciones@gmail.com<\/a><\/li>\n<\/ul>\n\n<h4><strong>2.- INFORMACI\u00d3N FACILITADA POR EL USUARIO<\/strong><\/h4>\nSi es menor de 18 a\u00f1os, no est\u00e1 permitido el uso de formularios en nuestro sitio web. Los usuarios, al introducir sus datos en los formularios de contacto o en los formularios de descarga, aceptan expresamente y de forma libre e inequ\u00edvoca que sus datos son necesarios para atender su petici\u00f3n por parte del Responsable, siendo voluntaria la inclusi\u00f3n de datos en el resto de campos. El usuario garantiza que los datos personales facilitados son ver\u00eddicos y se hace responsable de comunicar cualquier modificaci\u00f3n. Todos los datos solicitados a trav\u00e9s del sitio web son necesarios para prestar un servicio \u00f3ptimo al usuario. En caso de que no se faciliten todos los datos, no se garantiza que la informaci\u00f3n y servicios proporcionados por el Responsable se ajusten completamente a sus necesidades.\n\n<h4><strong>3.- MEDIDAS DE SEGURIDAD<\/strong><\/h4>\nDe acuerdo con lo dispuesto en las normativas vigentes en materia de protecci\u00f3n de datos personales, el Responsable cumple con todas las disposiciones del RGPD y la LOPD para el tratamiento de los datos personales bajo su responsabilidad, las cuales son tratadas de forma l\u00edcita, leal y transparente en relaci\u00f3n con el interesado, y de forma adecuada, pertinente y limitada a lo necesario en relaci\u00f3n con las finalidades. El Responsable garantiza que ha implementado pol\u00edticas t\u00e9cnicas y organizativas adecuadas para aplicar las medidas de seguridad establecidas por el RGPD y la LOPD para proteger los derechos y libertades de los usuarios, comunic\u00e1ndoles la informaci\u00f3n adecuada para que puedan ejercerlos.\n\n<h4><strong>4.- BRECHAS DE SEGURIDAD<\/strong><\/h4>\nEl Responsable informar\u00e1 sobre cualquier brecha de seguridad que afecte a la base de datos utilizada por este sitio web o cualquiera de nuestros servicios de terceros, a todas las personas afectadas ya las autoridades, dentro de las 72 horas siguientes a la detecci\u00f3n de la brecha.\n\n<h4><strong>LEGISLACI\u00d3N APLICABLE Y JURISDICCI\u00d3N<\/strong><\/h4>\nPara la resoluci\u00f3n de todas las controversias o cuestiones relacionadas con este sitio web o las actividades que se desarrollen, ser\u00e1 de aplicaci\u00f3n la legislaci\u00f3n espa\u00f1ola, a la que las partes se someten expresamente, siendo competentes para la resoluci\u00f3n de todos los conflictos derivados o relacionados con el uso los Juzgados y Tribunales de Barcelona.\n\t\t\t\t\t\t\t\t<\/div>\n\t\t\t\t<\/div>\n\t\t\t\t\t<\/div>\n\t\t<\/div>\n\t\t\t\t\t<\/div>\n\t\t<\/section>\n\t\t\t\t\t<\/div>\n\t\t<\/div>\n\t\t\t\t\t<\/div>\n\t\t<\/section>\n\t\t\t\t<\/div>","protected":false},"excerpt":{"rendered":"<p>Cesta de verduras frescas, ecol\u00f3gicas y de proximidad a domicilio QUIENES SOMOS CONTACTO Pol\u00edtica de Privacidad 1.- INFORMACI\u00d3N AL USUARIO El sitio web informa a los usuarios<span class=\"excerpt-hellip\"> [\u2026]<\/span><\/p>","protected":false},"author":1,"featured_media":0,"parent":0,"menu_order":0,"comment_status":"open","ping_status":"closed","template":"","meta":{"footnotes":""},"class_list":["post-1526","page","type-page","status-publish","hentry"],"yoast_head":"<!-- This site is optimized with the Yoast SEO plugin v24.4 - https:\/\/yoast.com\/wordpress\/plugins\/seo\/ -->\n<title>Hogar - Cistelles de verdures fresques, ecol\u00f2giques i de proximitat a domicili<\/title>\n<meta name=\"robots\" content=\"noindex, follow, max-snippet:-1, max-image-preview:large, max-video-preview:-1\" \/>\n<meta property=\"og:locale\" content=\"es_ES\" \/>\n<meta property=\"og:type\" content=\"article\" \/>\n<meta property=\"og:title\" content=\"Hogar - Cistelles de verdures fresques, ecol\u00f2giques i de proximitat a domicili\" \/>\n<meta property=\"og:description\" content=\"Cesta de verduras frescas, ecol\u00f3gicas y de proximidad a domicilio QUI SOM CONTACTE Pol\u00edtica de Privacitat 1.- INFORMACI\u00d3 A L&#8217;USUARI El lloc web informa els usuaris [\u2026]\" \/>\n<meta property=\"og:url\" content=\"https:\/\/mascancadell.cat\/cast\/politica-de-privacitat\/\" \/>\n<meta property=\"og:site_name\" content=\"Mas Cancadell\" \/>\n<meta property=\"article:modified_time\" content=\"2025-03-27T11:31:59+00:00\" \/>\n<meta name=\"twitter:card\" content=\"summary_large_image\" \/>\n<meta name=\"twitter:label1\" content=\"Tiempo de lectura\" \/>\n\t<meta name=\"twitter:data1\" content=\"3 minutos\" \/>\n<script type=\"application\/ld+json\" class=\"yoast-schema-graph\">{\"@context\":\"https:\/\/schema.org\",\"@graph\":[{\"@type\":\"WebPage\",\"@id\":\"https:\/\/mascancadell.cat\/politica-de-privacitat\/\",\"url\":\"https:\/\/mascancadell.cat\/politica-de-privacitat\/\",\"name\":\"Hogar - Cistelles de verdures fresques, ecol\u00f2giques i de proximitat a domicili\",\"isPartOf\":{\"@id\":\"https:\/\/mascancadell.cat\/#website\"},\"datePublished\":\"2025-03-27T09:27:17+00:00\",\"dateModified\":\"2025-03-27T11:31:59+00:00\",\"breadcrumb\":{\"@id\":\"https:\/\/mascancadell.cat\/politica-de-privacitat\/#breadcrumb\"},\"inLanguage\":\"es\",\"potentialAction\":[{\"@type\":\"ReadAction\",\"target\":[\"https:\/\/mascancadell.cat\/politica-de-privacitat\/\"]}]},{\"@type\":\"BreadcrumbList\",\"@id\":\"https:\/\/mascancadell.cat\/politica-de-privacitat\/#breadcrumb\",\"itemListElement\":[{\"@type\":\"ListItem\",\"position\":1,\"name\":\"Portada\",\"item\":\"https:\/\/mascancadell.cat\/\"},{\"@type\":\"ListItem\",\"position\":2,\"name\":\"Pol\u00edtica de privacitat\"}]},{\"@type\":\"WebSite\",\"@id\":\"https:\/\/mascancadell.cat\/#website\",\"url\":\"https:\/\/mascancadell.cat\/\",\"name\":\"Mas Cancadell\",\"description\":\"\",\"potentialAction\":[{\"@type\":\"SearchAction\",\"target\":{\"@type\":\"EntryPoint\",\"urlTemplate\":\"https:\/\/mascancadell.cat\/?s={search_term_string}\"},\"query-input\":{\"@type\":\"PropertyValueSpecification\",\"valueRequired\":true,\"valueName\":\"search_term_string\"}}],\"inLanguage\":\"es\"}]}<\/script>\n<!-- \/ Yoast SEO plugin. -->","yoast_head_json":{"title":"Hogar - Cistelles de verdures fresques, ecol\u00f2giques i de proximitat a domicili","robots":{"index":"noindex","follow":"follow","max-snippet":"max-snippet:-1","max-image-preview":"max-image-preview:large","max-video-preview":"max-video-preview:-1"},"og_locale":"es_ES","og_type":"article","og_title":"Hogar - Cistelles de verdures fresques, ecol\u00f2giques i de proximitat a domicili","og_description":"Cesta de verduras frescas, ecol\u00f3gicas y de proximidad a domicilio QUI SOM CONTACTE Pol\u00edtica de Privacitat 1.- INFORMACI\u00d3 A L&#8217;USUARI El lloc web informa els usuaris [\u2026]","og_url":"https:\/\/mascancadell.cat\/cast\/politica-de-privacitat\/","og_site_name":"Mas Cancadell","article_modified_time":"2025-03-27T11:31:59+00:00","twitter_card":"summary_large_image","twitter_misc":{"Tiempo de lectura":"3 minutos"},"schema":{"@context":"https:\/\/schema.org","@graph":[{"@type":"WebPage","@id":"https:\/\/mascancadell.cat\/politica-de-privacitat\/","url":"https:\/\/mascancadell.cat\/politica-de-privacitat\/","name":"Hogar - Cistelles de verdures fresques, ecol\u00f2giques i de proximitat a domicili","isPartOf":{"@id":"https:\/\/mascancadell.cat\/#website"},"datePublished":"2025-03-27T09:27:17+00:00","dateModified":"2025-03-27T11:31:59+00:00","breadcrumb":{"@id":"https:\/\/mascancadell.cat\/politica-de-privacitat\/#breadcrumb"},"inLanguage":"es","potentialAction":[{"@type":"ReadAction","target":["https:\/\/mascancadell.cat\/politica-de-privacitat\/"]}]},{"@type":"BreadcrumbList","@id":"https:\/\/mascancadell.cat\/politica-de-privacitat\/#breadcrumb","itemListElement":[{"@type":"ListItem","position":1,"name":"Portada","item":"https:\/\/mascancadell.cat\/"},{"@type":"ListItem","position":2,"name":"Pol\u00edtica de privacitat"}]},{"@type":"WebSite","@id":"https:\/\/mascancadell.cat\/#website","url":"https:\/\/mascancadell.cat\/","name":"Mas Cancadell","description":"","potentialAction":[{"@type":"SearchAction","target":{"@type":"EntryPoint","urlTemplate":"https:\/\/mascancadell.cat\/?s={search_term_string}"},"query-input":{"@type":"PropertyValueSpecification","valueRequired":true,"valueName":"search_term_string"}}],"inLanguage":"es"}]}},"_links":{"self":[{"href":"https:\/\/mascancadell.cat\/cast\/wp-json\/wp\/v2\/pages\/1526","targetHints":{"allow":["GET"]}}],"collection":[{"href":"https:\/\/mascancadell.cat\/cast\/wp-json\/wp\/v2\/pages"}],"about":[{"href":"https:\/\/mascancadell.cat\/cast\/wp-json\/wp\/v2\/types\/page"}],"author":[{"embeddable":true,"href":"https:\/\/mascancadell.cat\/cast\/wp-json\/wp\/v2\/users\/1"}],"replies":[{"embeddable":true,"href":"https:\/\/mascancadell.cat\/cast\/wp-json\/wp\/v2\/comments?post=1526"}],"version-history":[{"count":16,"href":"https:\/\/mascancadell.cat\/cast\/wp-json\/wp\/v2\/pages\/1526\/revisions"}],"predecessor-version":[{"id":1662,"href":"https:\/\/mascancadell.cat\/cast\/wp-json\/wp\/v2\/pages\/1526\/revisions\/1662"}],"wp:attachment":[{"href":"https:\/\/mascancadell.cat\/cast\/wp-json\/wp\/v2\/media?parent=1526"}],"curies":[{"name":"wp","href":"https:\/\/api.w.org\/{rel}","templated":true}]}}